{"id":11068,"date":"2025-06-20T18:02:35","date_gmt":"2025-06-20T22:02:35","guid":{"rendered":"https:\/\/www.multicasa.com.br\/inicio\/?post_type=product&#038;p=11068"},"modified":"2025-06-20T18:03:40","modified_gmt":"2025-06-20T22:03:40","slug":"lampada-para-micro-ondas-geladeira-e14-sadokin-15w-220v","status":"publish","type":"product","link":"https:\/\/www.multicasa.com.br\/inicio\/produto\/lampada-para-micro-ondas-geladeira-e14-sadokin-15w-220v\/","title":{"rendered":"L\u00e2mpada para Micro-ondas \/ Geladeira E14 Sadokin 15W &#8211; 220V"},"content":{"rendered":"<p>A L\u00e2mpada para Micro-ondas\/Geladeira Sadokin com soquete E14 atende as mais diversas marcas de eletrodom\u00e9sticos. Incandescente, com pot\u00eancia de 15w e tens\u00e3o el\u00e9trica de 220v, \u00e9 desenvolvida para uso exclusivo de micro-ondas e fog\u00f5es.<\/p>\n","protected":false},"excerpt":{"rendered":"<h4 style=\"margin: 0px;padding: 0px 0px 16px;font-family: Lato, sans-serif;font-weight: bold;line-height: 3rem;color: var(--dark-grey3);font-size: 22px;font-style: normal;letter-spacing: normal;text-align: start;text-indent: 0px;text-transform: none\">Informa\u00e7\u00f5es t\u00e9cnicas<\/h4>\n<p><span style=\"margin: 0px;padding: 0px;font-weight: 450;font-size: 14px;line-height: 21px;color: var(--dark-grey2);font-family: Lato, sans-serif;font-style: normal;letter-spacing: normal;text-align: start;text-indent: 0px;text-transform: none\">Produto: L\u00e2mpada de micro-ondas<br \/>\nMarca: Sadokin<br \/>\nMaterial: Vidro<br \/>\nPot\u00eancia: 15w<br \/>\nTens\u00e3o El\u00e9trica: 220v<br \/>\nCaracter\u00edsticas: Ideal para geladeira ou micro-ondas<br \/>\nSoquete E14<br \/>\nDurabilidade 1000H<br \/>\nIncandescente<br \/>\nItens Inclusos: 1 L\u00e2mpada de micro-ondas<br \/>\nDimens\u00f5es do produto (A X L): 6 x 2,2cm<\/p>\n<p><\/span><\/p>\n","protected":false},"featured_media":11150,"template":"","meta":{"_joinchat":[]},"product_brand":[],"product_cat":[80],"product_tag":[],"class_list":{"0":"post-11068","1":"product","2":"type-product","3":"status-publish","4":"has-post-thumbnail","6":"product_cat-lampadas","8":"first","9":"outofstock","10":"shipping-taxable","11":"product-type-simple"},"_links":{"self":[{"href":"https:\/\/www.multicasa.com.br\/inicio\/wp-json\/wp\/v2\/product\/11068","targetHints":{"allow":["GET"]}}],"collection":[{"href":"https:\/\/www.multicasa.com.br\/inicio\/wp-json\/wp\/v2\/product"}],"about":[{"href":"https:\/\/www.multicasa.com.br\/inicio\/wp-json\/wp\/v2\/types\/product"}],"wp:featuredmedia":[{"embeddable":true,"href":"https:\/\/www.multicasa.com.br\/inicio\/wp-json\/wp\/v2\/media\/11150"}],"wp:attachment":[{"href":"https:\/\/www.multicasa.com.br\/inicio\/wp-json\/wp\/v2\/media?parent=11068"}],"wp:term":[{"taxonomy":"product_brand","embeddable":true,"href":"https:\/\/www.multicasa.com.br\/inicio\/wp-json\/wp\/v2\/product_brand?post=11068"},{"taxonomy":"product_cat","embeddable":true,"href":"https:\/\/www.multicasa.com.br\/inicio\/wp-json\/wp\/v2\/product_cat?post=11068"},{"taxonomy":"product_tag","embeddable":true,"href":"https:\/\/www.multicasa.com.br\/inicio\/wp-json\/wp\/v2\/product_tag?post=11068"}],"curies":[{"name":"wp","href":"https:\/\/api.w.org\/{rel}","templated":true}]}}