{"id":18589,"date":"2025-06-20T19:34:05","date_gmt":"2025-06-20T23:34:05","guid":{"rendered":"https:\/\/www.multicasa.com.br\/inicio\/?post_type=product&#038;p=18589"},"modified":"2026-03-09T16:30:46","modified_gmt":"2026-03-09T20:30:46","slug":"pote-hermetico-retangular-com-trava-em-plastico-plasutil-13l","status":"publish","type":"product","link":"https:\/\/www.multicasa.com.br\/inicio\/produto\/pote-hermetico-retangular-com-trava-em-plastico-plasutil-13l\/","title":{"rendered":"Pote Herm\u00e9tico Retangular com Trava em Pl\u00e1stico Plas\u00fatil 1,3L"},"content":{"rendered":"<p>O Pote Herm\u00e9tico Retangular Plas\u00fatil \u00e9 perfeito para voc\u00ea armazenar diferentes tipos de alimentos de forma organizada. Produzido em polipropileno at\u00f3xico n\u00e3o absorve gosto ou cheiro, al\u00e9m disso possui sistema exclusivo de travas laterais para melhor fixa\u00e7\u00e3o. Com capacidade para 1,3L, corpo transparente e tampa com detalhes na cor preta. Essencial para manter sua cozinha linda e organizada.<\/p>\n","protected":false},"excerpt":{"rendered":"<h4 style=\"margin: 0px;padding: 0px 0px 16px;font-family: Lato, sans-serif;font-weight: bold;line-height: 3rem;color: var(--dark-grey3);font-size: 22px;font-style: normal;letter-spacing: normal;text-align: start;text-indent: 0px;text-transform: none\">Informa\u00e7\u00f5es t\u00e9cnicas<\/h4>\n<p><span style=\"margin: 0px;padding: 0px;font-weight: 450;font-size: 14px;line-height: 21px;color: var(--dark-grey2);font-family: Lato, sans-serif;font-style: normal;letter-spacing: normal;text-align: start;text-indent: 0px;text-transform: none\">Produto: Pote<br \/>\nMarca: Plas\u00fatil<br \/>\nMaterial: Polipropileno<br \/>\nCor: Incolor e preto<br \/>\nCapacidade: 1,3L<br \/>\nCaracter\u00edsticas: Travas Laterais<br \/>\nAt\u00f3xico<br \/>\nItens Inclusos: 1 pote<br \/>\nDimens\u00f5es do produto (A x L x P): 8,1 x 20 x 15,6cm<\/span><\/p>\n","protected":false},"featured_media":18670,"template":"","meta":{"_joinchat":[]},"product_brand":[],"product_cat":[98],"product_tag":[],"class_list":{"0":"post-18589","1":"product","2":"type-product","3":"status-publish","4":"has-post-thumbnail","6":"product_cat-organizadores","8":"first","9":"instock","10":"shipping-taxable","11":"purchasable","12":"product-type-simple"},"_links":{"self":[{"href":"https:\/\/www.multicasa.com.br\/inicio\/wp-json\/wp\/v2\/product\/18589","targetHints":{"allow":["GET"]}}],"collection":[{"href":"https:\/\/www.multicasa.com.br\/inicio\/wp-json\/wp\/v2\/product"}],"about":[{"href":"https:\/\/www.multicasa.com.br\/inicio\/wp-json\/wp\/v2\/types\/product"}],"wp:featuredmedia":[{"embeddable":true,"href":"https:\/\/www.multicasa.com.br\/inicio\/wp-json\/wp\/v2\/media\/18670"}],"wp:attachment":[{"href":"https:\/\/www.multicasa.com.br\/inicio\/wp-json\/wp\/v2\/media?parent=18589"}],"wp:term":[{"taxonomy":"product_brand","embeddable":true,"href":"https:\/\/www.multicasa.com.br\/inicio\/wp-json\/wp\/v2\/product_brand?post=18589"},{"taxonomy":"product_cat","embeddable":true,"href":"https:\/\/www.multicasa.com.br\/inicio\/wp-json\/wp\/v2\/product_cat?post=18589"},{"taxonomy":"product_tag","embeddable":true,"href":"https:\/\/www.multicasa.com.br\/inicio\/wp-json\/wp\/v2\/product_tag?post=18589"}],"curies":[{"name":"wp","href":"https:\/\/api.w.org\/{rel}","templated":true}]}}