{"id":7417,"date":"2025-06-20T17:22:38","date_gmt":"2025-06-20T21:22:38","guid":{"rendered":"https:\/\/www.multicasa.com.br\/inicio\/?post_type=product&#038;p=7417"},"modified":"2025-06-20T17:23:07","modified_gmt":"2025-06-20T21:23:07","slug":"maquina-de-cortar-cabelo-cadence-127v-10w","status":"publish","type":"product","link":"https:\/\/www.multicasa.com.br\/inicio\/produto\/maquina-de-cortar-cabelo-cadence-127v-10w\/","title":{"rendered":"M\u00e1quina de Cortar Cabelo Cadence 127V &#8211; 10W"},"content":{"rendered":"<p>Fa\u00e7a seu pr\u00f3prio corte de cabelo e ajustes na barba com a m\u00e1quina de cortar cabelo Cadence. Com suas l\u00e2minas em a\u00e7o inoxid\u00e1vel e alta precis\u00e3o de corte, deixa qualquer reparo ainda mais preciso e detalhado. Possui design ergnon\u00f4mico que facilita a pega, deixando a hora de cortar o cabelo mais confort\u00e1vel e segura. Possui alavanca de regulagem para a altura das l\u00e2minas com ajuste f\u00e1cil e 4 pentes de corte com diferentes tamanhos. Alimenta\u00e7\u00e3o em 127 v.<\/p>\n","protected":false},"excerpt":{"rendered":"<h4 style=\"margin: 0px;padding: 0px 0px 16px;font-family: Lato, sans-serif;font-weight: bold;line-height: 3rem;color: var(--dark-grey3);font-size: 22px;font-style: normal;letter-spacing: normal;text-align: start;text-indent: 0px;text-transform: none\">Informa\u00e7\u00f5es t\u00e9cnicas<\/h4>\n<p><span style=\"margin: 0px;padding: 0px;font-weight: 450;font-size: 14px;line-height: 21px;color: var(--dark-grey2);font-family: Lato, sans-serif;font-style: normal;letter-spacing: normal;text-align: start;text-indent: 0px;text-transform: none\">Produto: M\u00e1quina de Cortar Cabelo<br \/>\nMarca: Cadence<br \/>\nMaterial: corpo pl\u00e1stico e metal<br \/>\nl\u00e2mina de a\u00e7o<br \/>\nCor: cinza\/amarelho<br \/>\nUso indicado: cortar cabelos com alta precis\u00e3o de detalhes.<br \/>\nCaracter\u00edsticas: L\u00e2minas de a\u00e7o inoxid\u00e1vel;<br \/>\nDesign ergon\u00f4mico;<br \/>\nAlavanca de regulagem de altura para as l\u00e2minas;<br \/>\n5 n\u00edveis de corte.<br \/>\nQuantidade de Pe\u00e7as: 5 itens<br \/>\nItens Inclusos: 1m\u00e1quina de cortar cabelo Cadence;<br \/>\n4 pentes de corte (3mm, 6mm, 9mm, 12mm)<br \/>\nTens\u00e3o: 127 v<br \/>\nPot\u00eancia: 10w<br \/>\nDimens\u00f5es do produto (A X L X P): 21 x 13,5 x 6,5cm<br \/>\nGarantia: 6 meses<br \/>\nOCP: 0040<\/span><\/p>\n","protected":false},"featured_media":7470,"template":"","meta":{"_joinchat":[]},"product_brand":[],"product_cat":[101],"product_tag":[],"class_list":{"0":"post-7417","1":"product","2":"type-product","3":"status-publish","4":"has-post-thumbnail","6":"product_cat-cuidados-pessoais","8":"first","9":"outofstock","10":"shipping-taxable","11":"product-type-simple"},"_links":{"self":[{"href":"https:\/\/www.multicasa.com.br\/inicio\/wp-json\/wp\/v2\/product\/7417","targetHints":{"allow":["GET"]}}],"collection":[{"href":"https:\/\/www.multicasa.com.br\/inicio\/wp-json\/wp\/v2\/product"}],"about":[{"href":"https:\/\/www.multicasa.com.br\/inicio\/wp-json\/wp\/v2\/types\/product"}],"wp:featuredmedia":[{"embeddable":true,"href":"https:\/\/www.multicasa.com.br\/inicio\/wp-json\/wp\/v2\/media\/7470"}],"wp:attachment":[{"href":"https:\/\/www.multicasa.com.br\/inicio\/wp-json\/wp\/v2\/media?parent=7417"}],"wp:term":[{"taxonomy":"product_brand","embeddable":true,"href":"https:\/\/www.multicasa.com.br\/inicio\/wp-json\/wp\/v2\/product_brand?post=7417"},{"taxonomy":"product_cat","embeddable":true,"href":"https:\/\/www.multicasa.com.br\/inicio\/wp-json\/wp\/v2\/product_cat?post=7417"},{"taxonomy":"product_tag","embeddable":true,"href":"https:\/\/www.multicasa.com.br\/inicio\/wp-json\/wp\/v2\/product_tag?post=7417"}],"curies":[{"name":"wp","href":"https:\/\/api.w.org\/{rel}","templated":true}]}}