{"id":9288,"date":"2025-06-20T17:42:09","date_gmt":"2025-06-20T21:42:09","guid":{"rendered":"https:\/\/www.multicasa.com.br\/inicio\/?post_type=product&#038;p=9288"},"modified":"2025-06-20T17:43:18","modified_gmt":"2025-06-20T21:43:18","slug":"organizador-de-gaveta-com-divisorias-removiveis-arthi-12x9cm","status":"publish","type":"product","link":"https:\/\/www.multicasa.com.br\/inicio\/produto\/organizador-de-gaveta-com-divisorias-removiveis-arthi-12x9cm\/","title":{"rendered":"Organizador de Gaveta com Divis\u00f3rias Remov\u00edveis Arthi 12x9cm"},"content":{"rendered":"<p>Organizador de Gaveta com Divis\u00f3rias Remov\u00edveis Arthi, em pl\u00e1stico resistente com tamanho de 12x9cm. Ideal para organizar sua gaveta do escrit\u00f3rio, cozinha, maquiagens ou linhas de costura. As divis\u00f3rias s\u00e3o remov\u00edveis, perfeitas para uso na posi\u00e7\u00e3o que desejar. Otimize o espa\u00e7o e mantenha suas gavetas organizadas!<\/p>\n","protected":false},"excerpt":{"rendered":"<h4 style=\"margin: 0px;padding: 0px 0px 16px;font-family: Lato, sans-serif;font-weight: bold;line-height: 3rem;color: var(--dark-grey3);font-size: 22px;font-style: normal;letter-spacing: normal;text-align: start;text-indent: 0px;text-transform: none\">Informa\u00e7\u00f5es t\u00e9cnicas<\/h4>\n<p><span style=\"margin: 0px;padding: 0px;font-weight: 450;font-size: 14px;line-height: 21px;color: var(--dark-grey2);font-family: Lato, sans-serif;font-style: normal;letter-spacing: normal;text-align: start;text-indent: 0px;text-transform: none\">Produto: Organizador de gaveta<br \/>\nMarca: Arthi<br \/>\nMaterial: Pl\u00e1stico<br \/>\nCor: Branco<br \/>\nCaracter\u00edsticas: Possui 2 divis\u00f3rias remov\u00edveis<br \/>\nItens Inclusos: 1 organizador de gaveta<br \/>\nDimens\u00f5es do produto (A x L x P): 4,8 x 12 x 9 cm<br \/>\n<\/span><\/p>\n","protected":false},"featured_media":9382,"template":"","meta":{"_joinchat":[]},"product_brand":[],"product_cat":[98],"product_tag":[],"class_list":{"0":"post-9288","1":"product","2":"type-product","3":"status-publish","4":"has-post-thumbnail","6":"product_cat-organizadores","8":"first","9":"outofstock","10":"shipping-taxable","11":"product-type-simple"},"_links":{"self":[{"href":"https:\/\/www.multicasa.com.br\/inicio\/wp-json\/wp\/v2\/product\/9288","targetHints":{"allow":["GET"]}}],"collection":[{"href":"https:\/\/www.multicasa.com.br\/inicio\/wp-json\/wp\/v2\/product"}],"about":[{"href":"https:\/\/www.multicasa.com.br\/inicio\/wp-json\/wp\/v2\/types\/product"}],"wp:featuredmedia":[{"embeddable":true,"href":"https:\/\/www.multicasa.com.br\/inicio\/wp-json\/wp\/v2\/media\/9382"}],"wp:attachment":[{"href":"https:\/\/www.multicasa.com.br\/inicio\/wp-json\/wp\/v2\/media?parent=9288"}],"wp:term":[{"taxonomy":"product_brand","embeddable":true,"href":"https:\/\/www.multicasa.com.br\/inicio\/wp-json\/wp\/v2\/product_brand?post=9288"},{"taxonomy":"product_cat","embeddable":true,"href":"https:\/\/www.multicasa.com.br\/inicio\/wp-json\/wp\/v2\/product_cat?post=9288"},{"taxonomy":"product_tag","embeddable":true,"href":"https:\/\/www.multicasa.com.br\/inicio\/wp-json\/wp\/v2\/product_tag?post=9288"}],"curies":[{"name":"wp","href":"https:\/\/api.w.org\/{rel}","templated":true}]}}